{"id":1859,"date":"2020-10-10T23:23:25","date_gmt":"2020-10-10T23:23:25","guid":{"rendered":"http:\/\/endrinini.com\/?page_id=1859"},"modified":"2021-03-14T19:21:10","modified_gmt":"2021-03-14T19:21:10","slug":"archive","status":"publish","type":"page","link":"https:\/\/endrinini.com\/en\/archive\/","title":{"rendered":"Agenda Archive"},"content":{"rendered":"[vc_row type=&#8221;full_width_background&#8221; full_screen_row_position=&#8221;middle&#8221; column_margin=&#8221;default&#8221; column_direction=&#8221;default&#8221; column_direction_tablet=&#8221;default&#8221; column_direction_phone=&#8221;default&#8221; bg_color=&#8221;#f7f7f7&#8243; scene_position=&#8221;center&#8221; top_padding=&#8221;80&#8243; bottom_padding=&#8221;80&#8243; text_color=&#8221;dark&#8221; text_align=&#8221;left&#8221; row_border_radius=&#8221;none&#8221; row_border_radius_applies=&#8221;bg&#8221; overlay_strength=&#8221;0.3&#8243; gradient_direction=&#8221;left_to_right&#8221; shape_divider_position=&#8221;bottom&#8221; bg_image_animation=&#8221;none&#8221; shape_type=&#8221;&#8221;][vc_column column_padding=&#8221;no-extra-padding&#8221; column_padding_tablet=&#8221;inherit&#8221; column_padding_phone=&#8221;inherit&#8221; column_padding_position=&#8221;all&#8221; background_color_opacity=&#8221;1&#8243; background_hover_color_opacity=&#8221;1&#8243; column_shadow=&#8221;none&#8221; column_border_radius=&#8221;none&#8221; column_link_target=&#8221;_self&#8221; gradient_direction=&#8221;left_to_right&#8221; overlay_strength=&#8221;0.3&#8243; width=&#8221;1\/1&#8243; tablet_width_inherit=&#8221;default&#8221; tablet_text_alignment=&#8221;default&#8221; phone_text_alignment=&#8221;default&#8221; column_border_width=&#8221;none&#8221; column_border_style=&#8221;solid&#8221; bg_image_animation=&#8221;none&#8221;][vc_row_inner column_margin=&#8221;default&#8221; column_direction=&#8221;default&#8221; column_direction_tablet=&#8221;default&#8221; column_direction_phone=&#8221;default&#8221; text_align=&#8221;left&#8221;][vc_column_inner column_padding=&#8221;no-extra-padding&#8221; column_padding_tablet=&#8221;inherit&#8221; column_padding_phone=&#8221;inherit&#8221; column_padding_position=&#8221;all&#8221; background_color_opacity=&#8221;1&#8243; background_hover_color_opacity=&#8221;1&#8243; column_shadow=&#8221;none&#8221; column_border_radius=&#8221;none&#8221; column_link_target=&#8221;_self&#8221; gradient_direction=&#8221;left_to_right&#8221; overlay_strength=&#8221;0.3&#8243; width=&#8221;1\/1&#8243; tablet_width_inherit=&#8221;default&#8221; column_border_width=&#8221;none&#8221; column_border_style=&#8221;solid&#8221; bg_image_animation=&#8221;none&#8221;][vc_column_text css=&#8221;.vc_custom_1615749669143{margin-bottom: 40px !important;}&#8221;]\n<h1>Termine Archive<\/h1>\n[\/vc_column_text][\/vc_column_inner][\/vc_row_inner][vc_row_inner column_margin=&#8221;default&#8221; column_direction=&#8221;default&#8221; column_direction_tablet=&#8221;default&#8221; column_direction_phone=&#8221;default&#8221; text_align=&#8221;left&#8221;][vc_column_inner column_padding=&#8221;no-extra-padding&#8221; column_padding_tablet=&#8221;inherit&#8221; column_padding_phone=&#8221;inherit&#8221; column_padding_position=&#8221;all&#8221; background_color_opacity=&#8221;1&#8243; background_hover_color_opacity=&#8221;1&#8243; column_shadow=&#8221;none&#8221; column_border_radius=&#8221;none&#8221; column_link_target=&#8221;_self&#8221; gradient_direction=&#8221;left_to_right&#8221; overlay_strength=&#8221;0.3&#8243; width=&#8221;1\/1&#8243; tablet_width_inherit=&#8221;default&#8221; column_border_width=&#8221;none&#8221; column_border_style=&#8221;solid&#8221; bg_image_animation=&#8221;none&#8221;][vc_column_text]\n<h2>2019<\/h2>\n<p><strong>13 Juli<br \/>\n<\/strong>R\u00fcgen<br \/>\nLandow Kirche Festspiele Mecklenburg-Vorpommern<br \/>\nmit<br \/>\nFelizia Bade (Violine)<br \/>\nLorraine Buzea (Violoncello)<\/p>\n<p><strong>7 Juli<br \/>\n<\/strong>Coburg<strong><br \/>\n<\/strong>Alte Pakethalle Schicksalsschl\u00e4ge \/Musik und Religion<br \/>\nLouis Vierne: Klavierquintett C-moll op. 42<br \/>\nmit<br \/>\nMartin Emmerich (Violine)<br \/>\nDaniela Steinmetz (Violine)<br \/>\nAnnemarie Brickner (Viola)<br \/>\nHeiner Reich (Violoncello)<br \/>\nAndreas Fuchs (Moderation)<\/p>\n<p><strong>20 Mai<\/strong><br \/>\nCoburg, Gymnasium Albertinum Klanggrenzen Festival<br \/>\nSchicksalsschl\u00e4ge \/Musik und Religion<br \/>\nLouis Vierne: Klavierquintet C-moll Op. 42<br \/>\nmit<br \/>\nMartin Emmerich (Violine)<br \/>\nDaniela Steinmetz (Violine)<br \/>\nAnnemarie Brickner (Viola)<br \/>\nHeiner Reich (Violoncello)<br \/>\nAndreas Fuchs (Moderation)<\/p>\n<p><strong>6 Mai<\/strong><br \/>\nRostock, Kammermusiksaal HMT \u201eWho is afraid of Chamber Music?\u201d<br \/>\nmit<br \/>\nHolger Wangerin (Violine)[\/vc_column_text][divider line_type=&#8221;Full Width Line&#8221; line_thickness=&#8221;1&#8243; divider_color=&#8221;default&#8221;][\/vc_column_inner][\/vc_row_inner][vc_row_inner column_margin=&#8221;default&#8221; column_direction=&#8221;default&#8221; column_direction_tablet=&#8221;default&#8221; column_direction_phone=&#8221;default&#8221; text_align=&#8221;left&#8221;][vc_column_inner column_padding=&#8221;no-extra-padding&#8221; column_padding_tablet=&#8221;inherit&#8221; column_padding_phone=&#8221;inherit&#8221; column_padding_position=&#8221;all&#8221; background_color_opacity=&#8221;1&#8243; background_hover_color_opacity=&#8221;1&#8243; column_shadow=&#8221;none&#8221; column_border_radius=&#8221;none&#8221; column_link_target=&#8221;_self&#8221; gradient_direction=&#8221;left_to_right&#8221; overlay_strength=&#8221;0.3&#8243; width=&#8221;1\/1&#8243; tablet_width_inherit=&#8221;default&#8221; column_border_width=&#8221;none&#8221; column_border_style=&#8221;solid&#8221; bg_image_animation=&#8221;none&#8221;][vc_column_text]\n<h2>2018<\/h2>\n<p><strong>4 Juli<\/strong><br \/>\nCoburg, Pfarrzentrum St. Augustin Klanggrenzen Festival<br \/>\nTango Night \u2013 Tango trifft Video<br \/>\nWerke von Horacio Salg\u00e1n, Astor Piazzolla, Hugo Diaz, Rosita Melo, Francisco Canaro und Juli\u00e1n Plaza<br \/>\nmit<br \/>\nFlex Ensemble<br \/>\nKostas Raptis (Bandoneon)<br \/>\nTosh Leykum (Video Art)<\/p>\n<p><strong>10 Juni<\/strong><br \/>\nHamburg, Go\u00dflerhaus \u201eEn France\u201d<br \/>\nWerke von Ravel, Faur\u00e9 und franz\u00f6sische Chansons<br \/>\nmit<br \/>\nFlex Ensemble<\/p>\n<p><strong>27 Mai<\/strong><br \/>\nNieder-Olm, Ratsaal Rathaus V. Chamber Music Fest Rheinhessen<br \/>\nBrahms: Klavierquintett f-Moll op. 34<br \/>\nmit<br \/>\nFlex Ensemble<br \/>\nOliver Wille (Violine)<\/p>\n<p><strong>26 Mai<\/strong><br \/>\nNieder-Olm, Ratsaal Rathaus V. Chamber Music Fest Rheinhessen<br \/>\n\u201eThink Big\u201d<br \/>\nWerke von Ravel und Beethoven<br \/>\nmit<br \/>\nFlex Ensemble<\/p>\n<p><strong>25 Mai<\/strong><br \/>\nNieder-Olm, Ratsaal Rathaus V. Chamber Music Fest Rheinhessen<br \/>\nTak Cheung Hui \u2013 Tale of an old picture II. (Urauff\u00fchrung)<br \/>\nJohannes Sch\u00f6llhorn (*1962) \u00bbplus blanche\u00ab | Chanson nach Claude le Jeune (1528-1600)<br \/>\nSebastiaan Koolhoven (*1959) \u00bbAu Suivant\u00ab | Jacques Brel (1929-1978)<br \/>\nGordon Williamson (*1974) \u00bbChanson Ru\u00e9e\u00ab (2017)<br \/>\nG\u00e9rard Pesson (*1958) \u00bbRentrez soupirs\u00ab | nach Marc-Antoine Charpentier (1643-1704)<br \/>\nKonstantinos Raptis (*1973) \u00bbFlamb\u00e9e Montalbanaise\u00ab | Gus Viseur (1915-1974)<br \/>\nBrahms: Klavierquartett g-Moll op. 25<br \/>\nmit<br \/>\nFlex Ensemble<\/p>\n<p><strong>22 April<\/strong><br \/>\nHannover, K\u00fcnstlerhaus imPULS III. Think Big<br \/>\nJoseph-Joachim-Saal Werke von Beethoven und Brahms<br \/>\nmit<br \/>\nFlex Ensemble<\/p>\n<p><strong>8 April<\/strong><br \/>\nBurgdorf, Ratssaal im Burgdorfer Schloss Burgdorfer Schlosskonzerte<br \/>\nWerke von Beethoven und Brahms<br \/>\nmit<br \/>\nFlex Ensemble<\/p>\n<p><strong>7 April<\/strong><br \/>\nFischerhude, Buthmanns Hof Fischerhuder Hofkonzerte<br \/>\nWerke von Schubert und Brahms<br \/>\nmit<br \/>\nFlex Ensemble<br \/>\nHiroyuki Yamazaki (Kontrabass)<\/p>\n<p><strong>7-9 M\u00e4rz<\/strong><br \/>\nBerlin, Jesus-Christus-Kirche Dahlem CD Aufnahme in Zusammenarbeit mit der Deutschlandfunk Kultur und<br \/>\nAvi-Service for music<br \/>\nmit<br \/>\nFlex Ensemble<\/p>\n<p><strong>11 Februar<\/strong><br \/>\nWennigsen, Kloster Tempo di Tango<br \/>\nWerke von Horacio Salg\u00e1n, Astor Piazzolla, Hugo Diaz, Rosita Melo, Francisco Canaro und Juli\u00e1n Plaza<br \/>\nmit<br \/>\nFlex Ensemble<br \/>\nKostas Raptis (Bandoneon)<br \/>\nTosh Leykum (Video Art)<\/p>\n<p><strong>31 Januar<\/strong><br \/>\nHannover, Sprengel Museum imPULS II.<br \/>\nPhantasmagorical Movements<br \/>\nWerke von Maurice Ravel, Johannes Ciconia und Stephen Hartke<br \/>\nmit<br \/>\nFlex Ensemble<br \/>\nLena Visser (Tanz)<\/p>\n<p><strong>26 Januar<\/strong><br \/>\nWarburg , Gymnasium Marianum Warburger Meisterkonzerte<br \/>\nThink Big<br \/>\nWerke von Ravel, Faur\u00e9 und Brahms<br \/>\nmit<br \/>\nFlex Ensemble[\/vc_column_text][divider line_type=&#8221;Full Width Line&#8221; line_thickness=&#8221;1&#8243; divider_color=&#8221;default&#8221;][\/vc_column_inner][\/vc_row_inner][vc_row_inner column_margin=&#8221;default&#8221; column_direction=&#8221;default&#8221; column_direction_tablet=&#8221;default&#8221; column_direction_phone=&#8221;default&#8221; text_align=&#8221;left&#8221;][vc_column_inner column_padding=&#8221;no-extra-padding&#8221; column_padding_tablet=&#8221;inherit&#8221; column_padding_phone=&#8221;inherit&#8221; column_padding_position=&#8221;all&#8221; background_color_opacity=&#8221;1&#8243; background_hover_color_opacity=&#8221;1&#8243; column_shadow=&#8221;none&#8221; column_border_radius=&#8221;none&#8221; column_link_target=&#8221;_self&#8221; gradient_direction=&#8221;left_to_right&#8221; overlay_strength=&#8221;0.3&#8243; width=&#8221;1\/1&#8243; tablet_width_inherit=&#8221;default&#8221; column_border_width=&#8221;none&#8221; column_border_style=&#8221;solid&#8221; bg_image_animation=&#8221;none&#8221;][vc_column_text]\n<h2>2017<\/h2>\n<p><strong>26 Dezember<\/strong><br \/>\nMeersburg, Schloss Meersburger Schlosskonzerte<br \/>\nJoyeux Noel!<br \/>\nWerke von Ravel, Saint-Sa\u00ebns und franz\u00f6sische Chansons<br \/>\nmit<br \/>\nFlex Ensemble<\/p>\n<p><strong>14 Dezember<\/strong><br \/>\nNeustadt am R\u00fcbenberge, Werke von Mendelssohn, Saint-Sa\u00ebns und franz\u00f6sische Chansons<br \/>\nSchloss Landestrost mit<br \/>\nFlex Ensemble<\/p>\n<p><strong>7 Dezember<\/strong><br \/>\nKempen, Kloster Kempen Klosterkonzerte<br \/>\nWerke von Mendelssohn, Saint-Sa\u00ebns und franz\u00f6sische Chansons<br \/>\nmit<br \/>\nFlex Ensemble<\/p>\n<p><strong>21 November<\/strong><br \/>\nHannover, NDR kleiner Sendesaal Musik21<br \/>\nEn France<br \/>\nWerke von Ravel, Saint-Sa\u00ebns und franz\u00f6sische Chansons arrangiert von G\u00e9rard Pesson, Gordon Williamson, Johannes Sch\u00f6llhorn, Kostas Raptis und Sebastiaan Koolhoven (Welt-Urauff\u00fchrungen)<br \/>\nmit<br \/>\nFlex Ensemble<\/p>\n<p><strong>17 September<\/strong><br \/>\nSpringe, Jagdschloss Werke von Bridge, Saint-Sa\u00ebns und Brahms<br \/>\nmit<br \/>\nFlex Ensemble<\/p>\n<p><strong>30 Mai<\/strong><br \/>\nHannover, Richard Jakoby Saal imPULS IV. imPULS IV. Wie ich eines sch\u00f6nen morgens im April das 10<br \/>\nHochschule f\u00fcr Musik, Theater und Medien 100%ige M\u00e4dchen sah<br \/>\nUnerh\u00f6rte Liebe in Text und Musik<br \/>\nWerke von Faur\u00e9, Brahms und Strauss<br \/>\nmit<br \/>\nFlex Ensemble<br \/>\nChristiane Ostermeyer (Sprecherin)<br \/>\nStefan Wiefel (Sprecher)<\/p>\n<p><strong>20 Mai<\/strong><br \/>\nNieder-Olm, Ratsaal Rathaus IV. Chamber Music Fest Rheinhessen<br \/>\nOlivier Messiaen: Quatuor pour la fin du temps<br \/>\nmit<br \/>\nKana Sugimura (Violine)<br \/>\nMartha Bijlsma (Violoncello)<br \/>\nBettina Aust (Klarinette)<\/p>\n<p><strong>19 Mai<\/strong><br \/>\nNieder-Olm, Ratsaal Rathaus IV. Chamber Music Fest Rheinhessen<br \/>\n\u201eMadly in Love\u201d<br \/>\nWerke von Faur\u00e9, Brahms und Strauss<br \/>\nmit<br \/>\nFlex Ensemble<\/p>\n<p><strong>7 Mai<\/strong><br \/>\nHannover, Sprengel Museum imPULS III. Wie klingt euer Wohnzimmer?<br \/>\nFamily Concert<br \/>\nLiving room music von John Cage<br \/>\nmit<br \/>\nFlex Ensemble<br \/>\nEva Maria K\u00f6sters (Konzertp\u00e4dagogik)<\/p>\n<p><strong>9 April<\/strong><br \/>\nSchwanberg, Schloss Werke von Faur\u00e9, Brahms und Strauss<br \/>\nmit<br \/>\nFlex Ensemble<\/p>\n<p><strong>2 April<\/strong><br \/>\nHannover, Sprengel Museum Zeitlupe G\u00e9rard Pesson \u2013 Mes B\u00e9atitudes<br \/>\nWerke von G\u00e9rard Pesson, Mahler, Schnittke und Chopin<br \/>\nmit<br \/>\nFlex Ensemble<br \/>\nMartin Kaltenecker (Moderation)<\/p>\n<p><strong>11 M\u00e4rz<\/strong><br \/>\nL\u00fcneburg, Leuphana Universit\u00e4t Werke von Mahler, Stephen Hartke, Schnittke und Bridge<br \/>\nLibeskind Auditorium mit<br \/>\nFlex Ensemble<\/p>\n<p><strong>8 M\u00e4rz<\/strong><br \/>\nHitzacker, St. Johanniskirche Musikwoche Hitzacker<br \/>\nWerke von Bridge, Mozart, Britten und Dillmann<br \/>\nmit<br \/>\nFlex Ensemble<br \/>\nAlbrecht Mayer (Oboe)<\/p>\n<p><strong>15 Februar<\/strong><br \/>\nHannover, Sprengel Museum imPULS II. Circular Music \u2013 Neue Musik trifft Video<br \/>\nWerke von Snezana Nesic, J\u00fcrge Frey, G\u00e9rard Pesson, M\u00e1rton Ill\u00e9s und Igor Stravinsky<br \/>\nmit<br \/>\nFlex Ensemble<br \/>\nElsbeth Moser (Bayan)<br \/>\nYoann Trellu (Video Art)<\/p>\n<p><strong>15 Januar<\/strong><br \/>\nG\u00f6rlitz, Europ\u00e4isches Zentrum Internationale Messiaen-Tage G\u00f6rlitz-Zgorzelec<br \/>\nf\u00fcr Bildung und Kultur Olivier Messiaen: Quatuor pour la fin du temps<br \/>\nmit<br \/>\nKana Sugimura (Violine)<br \/>\nMartha Bijlsma (Violoncello)<br \/>\nBettina Aust (Klarinette)[\/vc_column_text][divider line_type=&#8221;Full Width Line&#8221; line_thickness=&#8221;1&#8243; divider_color=&#8221;default&#8221;][\/vc_column_inner][\/vc_row_inner][vc_row_inner column_margin=&#8221;default&#8221; column_direction=&#8221;default&#8221; column_direction_tablet=&#8221;default&#8221; column_direction_phone=&#8221;default&#8221; text_align=&#8221;left&#8221;][vc_column_inner column_padding=&#8221;no-extra-padding&#8221; column_padding_tablet=&#8221;inherit&#8221; column_padding_phone=&#8221;inherit&#8221; column_padding_position=&#8221;all&#8221; background_color_opacity=&#8221;1&#8243; background_hover_color_opacity=&#8221;1&#8243; column_shadow=&#8221;none&#8221; column_border_radius=&#8221;none&#8221; column_link_target=&#8221;_self&#8221; gradient_direction=&#8221;left_to_right&#8221; overlay_strength=&#8221;0.3&#8243; width=&#8221;1\/1&#8243; tablet_width_inherit=&#8221;default&#8221; column_border_width=&#8221;none&#8221; column_border_style=&#8221;solid&#8221; bg_image_animation=&#8221;none&#8221;][vc_column_text]\n<h2>2016<\/h2>\n<p><strong>24 November<\/strong><br \/>\nHannover, Richard Jakoby Saal AKKORDEON, Nueland I<br \/>\nHochschule f\u00fcr Musik, Theater und Medien M\u00e1rton Ill\u00e9s: Drei Aquarelle f\u00fcr Streichtrio, Bajan und Klavier<br \/>\nWelt-Urauff\u00fchrung<br \/>\nmit<br \/>\nFlex Ensemble<br \/>\nElsbeth Moser (Bayan)<\/p>\n<p><strong>5 November<\/strong><br \/>\nWennigsen, Kloster Werke von Mendelssohn, Brahms und Faur\u00e9<br \/>\nmit<br \/>\nFlex Ensemble<br \/>\nVolodia Mykytka (Viola)<\/p>\n<p><strong>4 November<\/strong><br \/>\nWennigsen, Kloster Kinderkonzert<br \/>\nmit<br \/>\nFlex Ensemble<\/p>\n<p><strong>14 Oktober<\/strong><br \/>\nHannover, Lister Turm imPULS I. Tango Night Werke von Horacio Salg\u00e1n, Astor Piazzolla, Hugo Diaz, Rosita Melo,<br \/>\nFrancisco Canaro und Juli\u00e1n Plaza<br \/>\nmit<br \/>\nFlex Ensemble<br \/>\nKostas Raptis (Bandoneon)<br \/>\nElsbeth Moser (Bayan)<br \/>\nTosh Leykum (Video Art)<\/p>\n<p><strong>4 September<\/strong><br \/>\nNeustadt am R\u00fcbenberge Tastentagen \u201cTANGO\u201d<br \/>\nSchloss Landestrost mit<br \/>\nFlex Ensemble<\/p>\n<p><strong>1 September<\/strong><br \/>\nGoslar, Berufsf\u00f6rderungswerk Goslar Internationales Musikfest<br \/>\n\u201cTrue Love\u201d<br \/>\nWerke von G\u00e9rard Pesson, Faur\u00e9 und Brahms<br \/>\nmit<br \/>\nFlex Ensemble<\/p>\n<p><strong>26-28 August<\/strong><br \/>\nHet Stift (NL), Stiftskerk Stift International Music Festival<br \/>\nBrahms<br \/>\nmit<br \/>\nFlex Ensemble<\/p>\n<p><strong>10 Juli<\/strong><br \/>\nRichthof, Lebensgemeinschaft G\u00e9rard Pesson, Mendelssohn und Faur\u00e9<br \/>\nmit<br \/>\nFlex Ensemble<\/p>\n<p><strong>5 Juni<\/strong><br \/>\nNieder-Olm, Ratsaal Rathaus III. Chamber Music Fest Rheinhessen<br \/>\nLiving room music<br \/>\nWerke von Ravel, Reger und Cage<br \/>\nmit<br \/>\nFlex Ensemble<\/p>\n<p><strong>4 Juni<\/strong><br \/>\nNieder-Olm, Ratsaal Rathaus III. Chamber Music Fest Rheinhessen<br \/>\nRussian Soul<br \/>\nWerke von Schostakowitsch und Pesson<br \/>\nmit<br \/>\nFlex Ensemble<br \/>\nDaniel Rowland (Violine)<\/p>\n<p><strong>3 Juni<\/strong><br \/>\nNieder-Olm, Ratsaal Rathaus III. Chamber Music Fest Rheinhessen<br \/>\nFresh Sounds<br \/>\nWerke von Mendelssohn, Gernsheim und Itzam Zapata (\u201eChrysalys\u201d<br \/>\nWelt-Urauff\u00fchrung)<br \/>\nmit<br \/>\nFlex Ensemble<\/p>\n<p><strong>2 Juni<\/strong><br \/>\nNieder-Olm, Ratsaal Rathaus III. Chamber Music Fest Rheinhessen<br \/>\n\u201eFiona Farbe\u201d<br \/>\nmit<br \/>\nFlex Ensemble<\/p>\n<p><strong>24 Mai<\/strong><br \/>\nNordhorn, Manz-Saal im NINO HOCHBAU Pro Nota Konzerte<br \/>\nWerke von Ravel, Pesson und Gernsheim<br \/>\nmit<br \/>\nFlex Ensemble<\/p>\n<p><strong>25 April<\/strong><br \/>\nHannover, Expowal Geschlossene Gesellschaft Lions Club Hannover<br \/>\nmit<br \/>\nFlex Ensemble<\/p>\n<p><strong>17 April<\/strong><br \/>\nHeidelberg, Hotel Europ\u00e4ischer Hof Heidelberger Fr\u00fchling<br \/>\nWerke von Schubert, Strauss, Ravel, Faur\u00e9 und Mendelssohn<br \/>\nmit<br \/>\nFlex Ensemble<\/p>\n<p><strong>14 April<\/strong><br \/>\nHannover, Kanapee Werke von Schubert, Strauss, Ravel, Faur\u00e9 und Mendelssohn<br \/>\nmit<br \/>\nFlex Ensemble<\/p>\n<p><strong>4 April<\/strong><br \/>\nHannover, Christuskirche Kammermusik Hannover<br \/>\nWerke von Brahms, Piazzolla und Schubert<br \/>\nmit<br \/>\nFlex Ensemble<br \/>\nElsbeth Moser (Bayan)<br \/>\nHiroyuki Yamazaki (Kontrabass)<\/p>\n<p><strong>21 Februar<\/strong><br \/>\nHannover, Cavallo K\u00f6nigliche Reithalle Benefizkonzert<br \/>\nMendelssohn<br \/>\nmit<br \/>\nFlex Ensemble<\/p>\n<p><strong>6 Februar<\/strong><br \/>\nStadthagen, Schloss Kaminsaal Werke von Mendelssohn, Piazzolla und Brahms<br \/>\nmit<br \/>\nFlex Ensemble<br \/>\nElsbeth Moser (Bayan)<\/p>\n<p><strong>30 Januar<\/strong><br \/>\nBremen, Sendesaal Tango!<br \/>\nmit<br \/>\nHochschulchor IntoNation<br \/>\nFlex Ensemble<br \/>\nElsbeth Moser (Bayan)<\/p>\n<p><strong>26 Januar<\/strong><br \/>\nWiesbaden, Herzog-Friedrich-August-Saal Werke von Mendelssohn, Stephen Hartke und Brahms<br \/>\nder Wiesbadener Casino-Gesellschaft mit<br \/>\nFlex Ensemble<\/p>\n<p><strong>23 Januar<\/strong><br \/>\nBerlin Spandau, Klassik in Spandau<br \/>\nGotischer Saal der Zitadelle Werke von Mendelssohn, Stephen Hartke und Brahms<br \/>\nmit<br \/>\nFlex Ensemble[\/vc_column_text][divider line_type=&#8221;Full Width Line&#8221; line_thickness=&#8221;1&#8243; divider_color=&#8221;default&#8221;][\/vc_column_inner][\/vc_row_inner][vc_row_inner column_margin=&#8221;default&#8221; column_direction=&#8221;default&#8221; column_direction_tablet=&#8221;default&#8221; column_direction_phone=&#8221;default&#8221; text_align=&#8221;left&#8221;][vc_column_inner column_padding=&#8221;no-extra-padding&#8221; column_padding_tablet=&#8221;inherit&#8221; column_padding_phone=&#8221;inherit&#8221; column_padding_position=&#8221;all&#8221; background_color_opacity=&#8221;1&#8243; background_hover_color_opacity=&#8221;1&#8243; column_shadow=&#8221;none&#8221; column_border_radius=&#8221;none&#8221; column_link_target=&#8221;_self&#8221; gradient_direction=&#8221;left_to_right&#8221; overlay_strength=&#8221;0.3&#8243; width=&#8221;1\/1&#8243; tablet_width_inherit=&#8221;default&#8221; column_border_width=&#8221;none&#8221; column_border_style=&#8221;solid&#8221; bg_image_animation=&#8221;none&#8221;][vc_column_text]\n<h2>2015<\/h2>\n<p><strong>29 November<\/strong><br \/>\nTirana (AL), Universit\u00e4t der K\u00fcnste Projekt \u201eWunderkind\u201d in Zusammenarbeit mit dem Goethe Institut<br \/>\nWerke von Mendelssohn, Mahler und Strauss<br \/>\nmit<br \/>\nFlex Ensemble<\/p>\n<p><strong>29 November<\/strong><br \/>\nTirana (AL), Universit\u00e4t der K\u00fcnste Projekt \u201eWunderkind\u201d in Zusammenarbeit mit dem Goethe Institut<br \/>\nMusical Fairy Tale \u201eJack and the Beanstalk\u201d<br \/>\nmit<br \/>\nFlex Ensemble<br \/>\nEma Andrea (Schauspielerin)<\/p>\n<p><strong>13 November<\/strong><br \/>\nTrier, Kurf\u00fcrstliches Palais Werke von Mendelssohn, Stephen Hartke und Strauss<br \/>\nmit<br \/>\nFlex Ensemble<\/p>\n<p><strong>1 November<\/strong><br \/>\nHanover, Bechstein Centrum Werke von Mendelssohn und Strauss<br \/>\nmit<br \/>\nFlex Ensemble<\/p>\n<p><strong>13 September<\/strong><br \/>\nLugano (CH) Werke von Stephen Hartke und Brahms<br \/>\nConservatoria della Svizzera Italiana mit<br \/>\nFlex Ensemble<\/p>\n<p><strong>30 August<\/strong><br \/>\nBerlin, Mendelssohn-Remise Werke von Mendelssohn und Bridge mit<br \/>\nFlex Ensemble<\/p>\n<p><strong>15 August<\/strong><br \/>\nGoslar, Weltkulturerbe Rammelsberg Internationales Musikfest Goslar<br \/>\nSchubertiade<br \/>\nmit<br \/>\nFlex Ensemble<br \/>\nOliver Wille (Violine)<br \/>\nCatherina Lendle (Violine)<\/p>\n<p><strong>16 Oktober<\/strong><br \/>\nHannover, Orangerie Herrenhausen \u201eKlassik und Jazz\u201d<br \/>\nMendelssohn<br \/>\nmit<br \/>\nFlex Ensemble<\/p>\n<p><strong>22 August<\/strong><br \/>\nBad Zwesten Bad Zwestener Meisterkonzerte<br \/>\nWerke von Mendelssohn, Ben-Haim und Bridge mit<br \/>\nFlex Ensemble<br \/>\nAlon Sariel (Mandolin)<\/p>\n<p><strong>11 Juli<\/strong><br \/>\nDurr\u00ebs (AL), Arch\u00e4ologisches Museum International Chamber Music Festival Durr\u00ebs<br \/>\nWerke von Ravel, Prokofiev und Saint-Sa\u00ebns\/Ysa\u00ffe<br \/>\nmit<br \/>\nRegi Papa (Violin)<\/p>\n<p><strong>5 Juli<\/strong><br \/>\nGrafschaft-Holzweiler, Villa Bellestate Werke von Mendelssohn, Mahler, Schnittke und Schubert<br \/>\nmit<br \/>\nFlex Ensemble<br \/>\nKristina Edin (Kontrabbass)<\/p>\n<p><strong>28 Juni<\/strong><br \/>\nNieder-Olm, Ratsaal Rathaus II. Chamber Music Fest Rheinhessen<br \/>\nAbschlusskonzert<br \/>\nWerke von Schubert, Mahler und Schnittke<br \/>\nmit<br \/>\nFlex Ensemble<br \/>\nWolfgang G\u00fcttler (Kontrabass)<\/p>\n<p><strong>27 Juni<\/strong><br \/>\nNieder-Olm, Ratsaal Rathaus II. Chamber Music Fest Rheinhessen<br \/>\nTango Talk<br \/>\nWerke von Piazzolla und Canaro<br \/>\nmit<br \/>\nFlex Ensemble<br \/>\nKostas Raptis (Bandoneon)<\/p>\n<p><strong>27 Juni<\/strong><br \/>\nNieder-Olm, Ratsaal Rathaus II. Chamber Music Fest Rheinhessen<br \/>\nFamilienkonzert<br \/>\n\u201eMusikalisch malen mit Mir\u00f3\u201d<br \/>\nmit<br \/>\nFlex Ensemble<\/p>\n<p><strong>10 Mai<\/strong><br \/>\nHildesheim, Konzertsaal der Musikschule Werke von Mahler, Schnittke und Schubert mit<br \/>\nFlex Ensemble<br \/>\nFl\u00f3ra Bart\u00e1nyi (Kontrabass)<\/p>\n<p><strong>26 M\u00e4rz<\/strong><br \/>\nWinnenden, Andachtssaal Winnender Schlossmusik<br \/>\nWerke von Mozart, Mendelssohn und Brahms<br \/>\nmit<br \/>\nFlex Ensemble<br \/>\nGabriel Uhde (Viola)[\/vc_column_text][divider line_type=&#8221;Full Width Line&#8221; line_thickness=&#8221;1&#8243; divider_color=&#8221;default&#8221;][\/vc_column_inner][\/vc_row_inner][vc_row_inner column_margin=&#8221;default&#8221; column_direction=&#8221;default&#8221; column_direction_tablet=&#8221;default&#8221; column_direction_phone=&#8221;default&#8221; text_align=&#8221;left&#8221;][vc_column_inner column_padding=&#8221;no-extra-padding&#8221; column_padding_tablet=&#8221;inherit&#8221; column_padding_phone=&#8221;inherit&#8221; column_padding_position=&#8221;all&#8221; background_color_opacity=&#8221;1&#8243; background_hover_color_opacity=&#8221;1&#8243; column_shadow=&#8221;none&#8221; column_border_radius=&#8221;none&#8221; column_link_target=&#8221;_self&#8221; gradient_direction=&#8221;left_to_right&#8221; overlay_strength=&#8221;0.3&#8243; width=&#8221;1\/1&#8243; tablet_width_inherit=&#8221;default&#8221; column_border_width=&#8221;none&#8221; column_border_style=&#8221;solid&#8221; bg_image_animation=&#8221;none&#8221;][vc_column_text]\n<h2>2014<\/h2>\n<p><strong>10 Dezember<\/strong><br \/>\nFrankfurt, Commerzbank-Hochhaus CD Release Concert<br \/>\nWerke von Piazzolla, Stephen Hartke und Brahms<br \/>\nmit<br \/>\nFlex Ensemble<br \/>\nElsbeth Moser (Bayan)<\/p>\n<p><strong>15 November<\/strong><br \/>\nHannover, Bechstein Centrum Werke von Piazzolla, Stephen Hartke und Brahms<br \/>\nmit<br \/>\nFlex Ensemble<br \/>\nElsbeth Moser (Bayan)<\/p>\n<p><strong>28 Oktober<\/strong><br \/>\nTirana (AL), Universit\u00e4t der K\u00fcnste Kammermusikkurs<\/p>\n<p><strong>26 Oktober<\/strong><br \/>\nTirana (AL), National Theater f\u00fcr Oper 150 Years Richard Strauss<br \/>\nund Ballett Werke von Brahms, Mahler und Strauss<br \/>\nmit<br \/>\nFlex Ensemble<br \/>\nDeniola Kuraja (Klavier)<br \/>\nVikena Kamenica (Mezzosopran)<\/p>\n<p><strong>25 Oktober<\/strong><br \/>\nKor\u00e7a (AL), Cultural Centre \u201eVangjush Mio\u201d 150 Years Richard Strauss<br \/>\nWerke von Brahms, Mahler und Strauss<br \/>\nmit<br \/>\nFlex Ensemble<br \/>\nDeniola Kuraja (Klavier)<br \/>\nVikena Kamenica (Mezzosopran)<\/p>\n<p><strong>22 Oktober<\/strong><br \/>\nHannover, Kubus Kubus Lunch Concerts<br \/>\nWerke von Mendelssohn und Bridge<br \/>\nmit<br \/>\nFlex Ensemble<\/p>\n<p><strong>21 Oktober<\/strong><br \/>\nN\u00fcrnberg, Meistersingerhalle Kammermusik-Konzerte Privatmusikverein<br \/>\nWerke von Mendelssohn, Bridge und Brahms<br \/>\nmit<br \/>\nFlex Ensemble<\/p>\n<p><strong>19 Oktober<\/strong><br \/>\nFrankfurt, Festeburggemeinde Festeburgkonzerte<br \/>\nPreungesheim Werke von Mendelssohn, Bridge und Brahms<br \/>\nmit<br \/>\nFlex Ensemble<\/p>\n<p><strong>26 September<\/strong><br \/>\nHannover, Neues Rathaus Frank Bridge<br \/>\nmit<br \/>\nFlex Ensemble<\/p>\n<p><strong>16 September<\/strong><br \/>\nHannover, Kupelsaal Deutscher Juristentag<br \/>\nGru\u00dfwort: Joachim Gauck, Heiko Maas und Stephan Weil<br \/>\nWerke von Piazzolla und Brahms<br \/>\nmit<br \/>\nFlex Ensemble<\/p>\n<p><strong>19 September<\/strong><br \/>\nHannover, Markuskirche Markus Musik Wochen<br \/>\nWerke von Mendelssohn and Brahms<br \/>\nmit<br \/>\nFlex Ensemble<\/p>\n<p><strong>3 August<\/strong><br \/>\nHitzacker, Verdo Sommerliche Musiktage Hitzacker<br \/>\nWerke von Faur\u00e9, Stephen Harke und Suk<br \/>\nmit<br \/>\nFlex Ensemble<\/p>\n<p><strong>19 Juli<\/strong><br \/>\nNieder-Olm, Ratsaal Rathaus I. Chamber Music Fest Rheinhessen<br \/>\nCD Release Party<br \/>\nWerke von Piazzolla<br \/>\nmit<br \/>\nFlex Ensemble<br \/>\nKostas Raptis (Bandoneon)<\/p>\n<p><strong>19 Juli<\/strong><br \/>\nNieder-Olm, Ratsaal Rathaus I. Chamber Music Fest Rheinhessen<br \/>\nKinderkonzert \u201eFiona Farbe\u201d<br \/>\nmit<br \/>\nFlex Ensemble<\/p>\n<p><strong>18 Juli<\/strong><br \/>\nNieder-Olm, Ratsaal Rathaus I. Chamber Music Fest Rheinhessen<br \/>\nEr\u00f6ffnungskonzert<br \/>\nWerke von Mozart, Faur\u00e9 und Suk<br \/>\nmit<br \/>\nFlex Ensemble<\/p>\n<p><strong>14 Juni<\/strong><br \/>\nBad Zwesten, Kurhaus Bad Zwestener Meisterkonzerte<br \/>\nWerke von Mozart, Bridge und Faur\u00e9<br \/>\nmit<br \/>\nFlex Ensemble<\/p>\n<p><strong>14 Mai<\/strong><br \/>\nOsaka (JP), Izumi Hall Werke von Mozart und Suk<br \/>\nmit<br \/>\nFlex Ensemble<\/p>\n<p><strong>7 Mai<\/strong><br \/>\nHannover, Richard Jakoby Saal Kammermusikfestival!<br \/>\nHochschule f\u00fcr Musik, Theater und Medien \u201eSchumman und Lachemann\u201d<br \/>\nmit<br \/>\nFlex Ensemble<\/p>\n<p><strong>29-31\u00a0M\u00e4rz<\/strong><br \/>\nBielefeld, Gro\u00dfer Saal Oetker-Halle CD Aufnahme in Zusammenarbeit mit GENUIN classics<br \/>\nmit<br \/>\nFlex Ensemble<\/p>\n<p><strong>9 M\u00e4rz<\/strong><br \/>\nHerdof, H\u00fcttenhaus Werke von Suk, Stephen Hartke und Brahms<br \/>\nmit<br \/>\nFlex Ensemble<\/p>\n<p><strong>20 Februar<\/strong><br \/>\nFrankfurt, Villa Bonn Robert-Schumann-Gesellschaft Frankfurt am Main<br \/>\nWerke von Stephen Hartke, Schumann und Brahms<br \/>\nmit<br \/>\nFlex Ensemble<\/p>\n<p><strong>19 Januar<\/strong><br \/>\nGrafschaft-Holzweiler, Villa Bellestate Quartettgipfel<br \/>\nGabriel Faur\u00e9<br \/>\nmit<br \/>\nFlex Ensemble<\/p>\n<p><strong>18 Januar<\/strong><br \/>\nNeuwied-Engers, Schloss Engers Quartettgipfel<br \/>\nGabriel Faur\u00e9<br \/>\nmit<br \/>\nFlex Ensemble[\/vc_column_text][divider line_type=&#8221;Full Width Line&#8221; line_thickness=&#8221;1&#8243; divider_color=&#8221;default&#8221;][\/vc_column_inner][\/vc_row_inner][vc_row_inner column_margin=&#8221;default&#8221; column_direction=&#8221;default&#8221; column_direction_tablet=&#8221;default&#8221; column_direction_phone=&#8221;default&#8221; text_align=&#8221;left&#8221;][vc_column_inner column_padding=&#8221;no-extra-padding&#8221; column_padding_tablet=&#8221;inherit&#8221; column_padding_phone=&#8221;inherit&#8221; column_padding_position=&#8221;all&#8221; background_color_opacity=&#8221;1&#8243; background_hover_color_opacity=&#8221;1&#8243; column_shadow=&#8221;none&#8221; column_border_radius=&#8221;none&#8221; column_link_target=&#8221;_self&#8221; gradient_direction=&#8221;left_to_right&#8221; overlay_strength=&#8221;0.3&#8243; width=&#8221;1\/1&#8243; tablet_width_inherit=&#8221;default&#8221; column_border_width=&#8221;none&#8221; column_border_style=&#8221;solid&#8221; bg_image_animation=&#8221;none&#8221;][vc_column_text]\n<h2>2013<\/h2>\n<p><strong>17 November<\/strong><br \/>\nNieder-Olm, Ratsaal Rathaus Begegnungen<br \/>\nWerke von Faur\u00e9, Stephen Hartke und Brahms<br \/>\nmit<br \/>\nFlex Ensemble<\/p>\n<p><strong>27 Oktober<\/strong><br \/>\nZeist (NL), Walkartgemeenschap Zondagmiddagmuziek<br \/>\nWerke von Stephen Hartke und Brahms<br \/>\nmit<br \/>\nFlex Ensemble<\/p>\n<p><strong>26 Oktober<\/strong><br \/>\nNordhorn, Manz-Saal im NINO HOCHBAU Pro Nota Konzerte<br \/>\nWerke von Brahms, Stephen Hartke und Faur\u00e9<br \/>\nmit<br \/>\nFlex Ensemble<\/p>\n<p><strong>3 Oktober<\/strong><br \/>\nG\u00f6ttingen, Klaviersalon Werke von Brahms und Faur\u00e9<br \/>\nmit<br \/>\nFlex Ensemble<\/p>\n<p><strong>9 Oktober<\/strong><br \/>\nAmsterdam (NL), Het Concertgebouw Gabriel Faur\u00e9<br \/>\nKleine Zaal mit<br \/>\nFlex Ensemble<\/p>\n<p><strong>29 September<\/strong><br \/>\nAmsterdam (NL), Het Concertgebouw Gabriel Faur\u00e9<br \/>\nSpiegelzaal mit<br \/>\nFlex Ensemble<\/p>\n<p><strong>28 September<\/strong><br \/>\nBarendrecht (NL), Dorpskerk Barendrecht Klassik<br \/>\nWerke von Faur\u00e9, Stephen Hartke und Brahms<br \/>\nmit<br \/>\nFlex Ensemble<\/p>\n<p><strong>7 September<\/strong><br \/>\nTriest (IT), , Teaotro Verdi Werke von Mozart, Stephen Hartke und Schumman<br \/>\nSala del Ridotto mit<br \/>\nFlex Ensemble<\/p>\n<p><strong>26 Juli<\/strong><br \/>\nSolec nad Wis\u0142\u0105 (PL), Klasztor VIII Festival Muzyki Klasycznej<br \/>\nWerke von Faur\u00e9 und Brahms<br \/>\nwith<br \/>\nFlex Ensemble<\/p>\n<p><strong>21 Juli<\/strong><br \/>\nBerlin, Musikinstrumenten-Museum Sommermatineen<br \/>\nWerke von Mozart, Schumann und Brahms<br \/>\nmit<br \/>\nFlex Ensemble<\/p>\n<p><strong>14 Juli<\/strong><br \/>\nBerlin, Ballhaus Rixdorf Konzertreihe im Ballhaus Rixdorf<br \/>\nWorks by Mozart, Schnittke, Stephen Hartke and Brahms<br \/>\nwith<br \/>\nFlex Ensemble<\/p>\n<p><strong>10 Juli<\/strong><br \/>\nBad Fallingbostel, St. Dionysius Kirche Werke von Mozart, Stephen Hartke und Brahms<br \/>\nmit<br \/>\nFlex Ensemble<\/p>\n<p><strong>23 Juni<\/strong><br \/>\nHannover, Joseph-Joachim-Saal Dialog der K\u00fcnste<br \/>\nK\u00fcnstlerhaus Mozarts moll<br \/>\nmit<br \/>\nFlex Ensemble<\/p>\n<p><strong>1 Juni<\/strong><br \/>\nChengdu (CN), Werke von Mozart und Brahms<br \/>\nSiuchan Conservatory of Music mit<br \/>\nFlex Ensemble<\/p>\n<p><strong>30 Mai<\/strong><br \/>\nXiamen (CN), Music Hall Werke von Mozart und Brahms<br \/>\nInternational Conference Center mit<br \/>\nFlex Ensemble<\/p>\n<p><strong>28 Mai<\/strong><br \/>\nBeijing (CN), Werke von Mozart und Brahms<br \/>\nNational Centre of Performing Arts mit<br \/>\nFlex Ensemble<\/p>\n<p><strong>4 Mai<\/strong><br \/>\nEsslingen, KOMMA Podium Musikfestival Esslingen<br \/>\nEpilog<br \/>\nWerke von Mozart und Bridge<br \/>\nmit<br \/>\nFlex Ensemble<\/p>\n<p><strong>3 Mai<\/strong><br \/>\nEsslingen, Altes Rathaus, B\u00fcrgersaal Podium Musikfestival Esslingen<br \/>\nAmericana<br \/>\nWerke von Dvo\u0159\u00e1k und Morton Feldman<br \/>\nmit<br \/>\nChristina Brabetz (Violine)<\/p>\n<p><strong>24 April<\/strong><br \/>\nHannover, Richard Jakoby Saal Kammermusikfestival<br \/>\nHochschule f\u00fcr Musik, Theater und Medien \u201eJohannes Brahms!\u201d<br \/>\nmit<br \/>\nFlex Ensemble<\/p>\n<p><strong>13 April<\/strong><br \/>\n\u0141\u00f3d\u017a (PL), Academy of Music Werke von Schnittke und Schumann<br \/>\nmit<br \/>\nFlex Ensemble<\/p>\n<p><strong>6 April<\/strong><br \/>\nHannover, Bechstein Centrum Werke von Mozart, Schnittke und Schumman<br \/>\nmit<br \/>\nFlex Ensemble<\/p>\n<p><strong>23 M\u00e4rz<\/strong><br \/>\nFrankfurt, Alte Oper, Mozartsaal Werke von Schumman, Stephen Hartke und Brahms<br \/>\nmit<br \/>\nFlex Ensemble[\/vc_column_text][divider line_type=&#8221;Full Width Line&#8221; line_thickness=&#8221;1&#8243; divider_color=&#8221;default&#8221;][\/vc_column_inner][\/vc_row_inner][vc_row_inner column_margin=&#8221;default&#8221; column_direction=&#8221;default&#8221; column_direction_tablet=&#8221;default&#8221; column_direction_phone=&#8221;default&#8221; text_align=&#8221;left&#8221;][vc_column_inner column_padding=&#8221;no-extra-padding&#8221; column_padding_tablet=&#8221;inherit&#8221; column_padding_phone=&#8221;inherit&#8221; column_padding_position=&#8221;all&#8221; background_color_opacity=&#8221;1&#8243; background_hover_color_opacity=&#8221;1&#8243; column_shadow=&#8221;none&#8221; column_border_radius=&#8221;none&#8221; column_link_target=&#8221;_self&#8221; gradient_direction=&#8221;left_to_right&#8221; overlay_strength=&#8221;0.3&#8243; width=&#8221;1\/1&#8243; tablet_width_inherit=&#8221;default&#8221; column_border_width=&#8221;none&#8221; column_border_style=&#8221;solid&#8221; bg_image_animation=&#8221;none&#8221;][vc_column_text]\n<h2>2012<\/h2>\n<p><strong>5 Dezember<\/strong><br \/>\nHannover, NDR kleiner Sendesaal Aufnahme<br \/>\nPiazzolla<br \/>\nmit<br \/>\nFlex Ensemble<\/p>\n<p><strong>17 Oktober<\/strong><br \/>\nHannover, Richard Jakoby Saal Liederfest 3<br \/>\nHochschule f\u00fcr Musik, Theater und Medien New York<br \/>\nOde to Napoleon von Sch\u00f6nberg<br \/>\nmit<br \/>\nFlex Ensemble<br \/>\nOliver Wille (Violine)<br \/>\nHenning N\u00f6hren (Sprecher)<\/p>\n<p><strong>16 August<\/strong><br \/>\nSavonlinna (FI), Melartin-sali Brahms<br \/>\nmit<br \/>\nFlex Ensemble<\/p>\n<p><strong>28 Mai<\/strong><br \/>\nPristina (KO), Swiss Diamond Hotel REMUSICA Pristina International Music Festival<br \/>\nDyar Hall Werke von Mozart, Schnittke, Kreshnik Ali\u00e7kaj und Schumann<br \/>\nmit<br \/>\nFlex Ensemble<\/p>\n<p><strong>10 April<\/strong><br \/>\nBremen, Hochschule f\u00fcr K\u00fcnste Schlagzeugkonzert<br \/>\nBartok: Sonate f\u00fcr zwei Klaviere und Schlagzeug<br \/>\nmit<br \/>\nDeniola Kuraja (Klavier)<br \/>\nShao-Han Wu (Schlagzeug)<br \/>\nTobias Hamann (Schlagzeug)<\/p>\n<p><strong>24 Januar<\/strong><br \/>\nHannover, Richard Jakoby Saal Mozartiade<br \/>\nHochschule f\u00fcr Musik, Theater und Medien mit<br \/>\nFlex Ensemble[\/vc_column_text][divider line_type=&#8221;Full Width Line&#8221; line_thickness=&#8221;1&#8243; divider_color=&#8221;default&#8221;][\/vc_column_inner][\/vc_row_inner][\/vc_column][\/vc_row]\n","protected":false},"excerpt":{"rendered":"<p>[vc_row type=&#8221;full_width_background&#8221; full_screen_row_position=&#8221;middle&#8221; column_margin=&#8221;default&#8221; column_direction=&#8221;default&#8221; column_direction_tablet=&#8221;default&#8221; column_direction_phone=&#8221;default&#8221; bg_color=&#8221;#f7f7f7&#8243; scene_position=&#8221;center&#8221; top_padding=&#8221;80&#8243; bottom_padding=&#8221;80&#8243; text_color=&#8221;dark&#8221; text_align=&#8221;left&#8221; row_border_radius=&#8221;none&#8221; row_border_radius_applies=&#8221;bg&#8221; overlay_strength=&#8221;0.3&#8243; gradient_direction=&#8221;left_to_right&#8221; shape_divider_position=&#8221;bottom&#8221; bg_image_animation=&#8221;none&#8221; shape_type=&#8221;&#8221;][vc_column column_padding=&#8221;no-extra-padding&#8221; column_padding_tablet=&#8221;inherit&#8221; column_padding_phone=&#8221;inherit&#8221; column_padding_position=&#8221;all&#8221; background_color_opacity=&#8221;1&#8243; background_hover_color_opacity=&#8221;1&#8243; column_shadow=&#8221;none&#8221; column_border_radius=&#8221;none&#8221; column_link_target=&#8221;_self&#8221; gradient_direction=&#8221;left_to_right&#8221;&#8230;<\/p>\n","protected":false},"author":1,"featured_media":0,"parent":0,"menu_order":0,"comment_status":"closed","ping_status":"closed","template":"","meta":{"footnotes":""},"class_list":["post-1859","page","type-page","status-publish"],"_links":{"self":[{"href":"https:\/\/endrinini.com\/en\/wp-json\/wp\/v2\/pages\/1859","targetHints":{"allow":["GET"]}}],"collection":[{"href":"https:\/\/endrinini.com\/en\/wp-json\/wp\/v2\/pages"}],"about":[{"href":"https:\/\/endrinini.com\/en\/wp-json\/wp\/v2\/types\/page"}],"author":[{"embeddable":true,"href":"https:\/\/endrinini.com\/en\/wp-json\/wp\/v2\/users\/1"}],"replies":[{"embeddable":true,"href":"https:\/\/endrinini.com\/en\/wp-json\/wp\/v2\/comments?post=1859"}],"version-history":[{"count":32,"href":"https:\/\/endrinini.com\/en\/wp-json\/wp\/v2\/pages\/1859\/revisions"}],"predecessor-version":[{"id":2056,"href":"https:\/\/endrinini.com\/en\/wp-json\/wp\/v2\/pages\/1859\/revisions\/2056"}],"wp:attachment":[{"href":"https:\/\/endrinini.com\/en\/wp-json\/wp\/v2\/media?parent=1859"}],"curies":[{"name":"wp","href":"https:\/\/api.w.org\/{rel}","templated":true}]}}